{"id":32361,"date":"2020-11-09T13:39:24","date_gmt":"2020-11-09T13:39:24","guid":{"rendered":"https:\/\/www.exploresaojorge.com\/fajas-sao-jorge\/"},"modified":"2025-05-27T15:19:00","modified_gmt":"2025-05-27T16:19:00","slug":"fajas-sao-jorge","status":"publish","type":"page","link":"https:\/\/www.exploresaojorgeisland.com\/en\/fajas-sao-jorge\/","title":{"rendered":"Biosphere Reserve Faj\u00e3s of S\u00e3o Jorge"},"content":{"rendered":"\t\t<div data-elementor-type=\"wp-page\" data-elementor-id=\"32361\" class=\"elementor elementor-32361 elementor-53\" data-elementor-post-type=\"page\">\n\t\t\t\t\t\t<section class=\"elementor-section elementor-top-section elementor-element elementor-element-5be31f3 elementor-section-full_width elementor-section-height-default elementor-section-height-default\" data-id=\"5be31f3\" data-element_type=\"section\" data-e-type=\"section\" data-settings=\"{&quot;shape_divider_bottom&quot;:&quot;curve&quot;,&quot;shape_divider_bottom_negative&quot;:&quot;yes&quot;}\">\n\t\t\t\t\t\t\t<div class=\"elementor-background-overlay\"><\/div>\n\t\t\t\t\t\t<div class=\"elementor-shape elementor-shape-bottom\" aria-hidden=\"true\" data-negative=\"true\">\n\t\t\t<svg xmlns=\"http:\/\/www.w3.org\/2000\/svg\" viewBox=\"0 0 1000 100\" preserveAspectRatio=\"none\">\n\t<path class=\"elementor-shape-fill\" d=\"M500,97C126.7,96.3,0.8,19.8,0,0v100l1000,0V1C1000,19.4,873.3,97.8,500,97z\"\/>\n<\/svg>\t\t<\/div>\n\t\t\t\t\t<div class=\"elementor-container elementor-column-gap-no\">\n\t\t\t\t\t<div class=\"elementor-column elementor-col-100 elementor-top-column elementor-element elementor-element-59cf9f2\" data-id=\"59cf9f2\" data-element_type=\"column\" data-e-type=\"column\">\n\t\t\t<div class=\"elementor-widget-wrap elementor-element-populated\">\n\t\t\t\t\t\t<div class=\"elementor-element elementor-element-4310a29 elementor--h-position-center elementor--v-position-middle elementor-widget elementor-widget-slides\" data-id=\"4310a29\" data-element_type=\"widget\" data-e-type=\"widget\" data-settings=\"{&quot;navigation&quot;:&quot;none&quot;,&quot;transition&quot;:&quot;fade&quot;,&quot;autoplay&quot;:&quot;yes&quot;,&quot;autoplay_speed&quot;:5000,&quot;infinite&quot;:&quot;yes&quot;,&quot;transition_speed&quot;:500}\" data-widget_type=\"slides.default\">\n\t\t\t\t<div class=\"elementor-widget-container\">\n\t\t\t\t\t\t\t\t\t<div class=\"elementor-swiper\">\n\t\t\t\t\t<div class=\"elementor-slides-wrapper elementor-main-swiper swiper\" role=\"region\" aria-roledescription=\"carousel\" aria-label=\"Slides\" dir=\"ltr\" data-animation=\"\">\n\t\t\t\t<div class=\"swiper-wrapper elementor-slides\">\n\t\t\t\t\t\t\t\t\t\t<div class=\"elementor-repeater-item-3e62c33 swiper-slide\" role=\"group\" aria-roledescription=\"slide\"><div class=\"swiper-slide-bg elementor-ken-burns elementor-ken-burns--in\" role=\"img\" aria-label=\"Artazores (3)\"><\/div><div class=\"elementor-background-overlay\"><\/div><div class=\"swiper-slide-inner\" ><div class=\"swiper-slide-contents\"><div class=\"elementor-slide-description\"><p><center><img decoding=\"async\" style=\"width: 200px; height: 131px; display: block;\" src=\"https:\/\/www.exploresaojorgeisland.com\/wp-content\/uploads\/2025\/04\/logo-biosfera-acores.png\" width=\"200\" height=\"131\" \/><\/center>&nbsp;<\/p>\n<h1>Biosphere Reserve Faj\u00e3s of S\u00e3o Jorge<\/h1>\n<\/div><\/div><\/div><\/div><div class=\"elementor-repeater-item-951865c swiper-slide\" role=\"group\" aria-roledescription=\"slide\"><div class=\"swiper-slide-bg elementor-ken-burns elementor-ken-burns--in\" role=\"img\" aria-label=\"02-faja-sto-cristo-1-scaled\"><\/div><div class=\"elementor-background-overlay\"><\/div><div class=\"swiper-slide-inner\" ><div class=\"swiper-slide-contents\"><div class=\"elementor-slide-description\"><p><center><img decoding=\"async\" style=\"width: 200px; height: 131px; display: block;\" src=\"https:\/\/www.exploresaojorgeisland.com\/wp-content\/uploads\/2025\/04\/logo-biosfera-acores.png\" width=\"200\" height=\"131\" \/><\/center>&nbsp;<\/p>\n<h1>Biosphere Reserve Faj\u00e3s of S\u00e3o Jorge<\/h1>\n<\/div><\/div><\/div><\/div>\t\t\t\t<\/div>\n\t\t\t\t\t\t\t\t\t\t\t\t\t\t\t\t\t\t\t\t\t<\/div>\n\t\t\t\t<\/div>\n\t\t\t\t\t\t\t\t<\/div>\n\t\t\t\t<\/div>\n\t\t\t\t\t<\/div>\n\t\t<\/div>\n\t\t\t\t\t<\/div>\n\t\t<\/section>\n\t\t\t\t<section class=\"elementor-section elementor-top-section elementor-element elementor-element-1f35777 padding-80 elementor-section-boxed elementor-section-height-default elementor-section-height-default\" data-id=\"1f35777\" data-element_type=\"section\" data-e-type=\"section\">\n\t\t\t\t\t\t<div class=\"elementor-container elementor-column-gap-default\">\n\t\t\t\t\t<div class=\"elementor-column elementor-col-50 elementor-top-column elementor-element elementor-element-fbb8239\" data-id=\"fbb8239\" data-element_type=\"column\" data-e-type=\"column\">\n\t\t\t<div class=\"elementor-widget-wrap elementor-element-populated\">\n\t\t\t\t\t\t<div class=\"elementor-element elementor-element-e03f325 elementor-widget elementor-widget-heading\" data-id=\"e03f325\" data-element_type=\"widget\" data-e-type=\"widget\" data-widget_type=\"heading.default\">\n\t\t\t\t<div class=\"elementor-widget-container\">\n\t\t\t\t\t<h4 class=\"elementor-heading-title elementor-size-default\">The Faj\u00e3s are the main landmark of the landscape of S\u00e3o Jorge and have been part of the exclusive list of UNESCO World Biosphere Reserves since 2016. They were also awarded an honorable mention at the 2020 National Landscape Award, within the context of the 3rd National Architecture and Landscape Conference.<\/h4>\t\t\t\t<\/div>\n\t\t\t\t<\/div>\n\t\t\t\t<div class=\"elementor-element elementor-element-234b893 elementor-widget elementor-widget-text-editor\" data-id=\"234b893\" data-element_type=\"widget\" data-e-type=\"widget\" data-widget_type=\"text-editor.default\">\n\t\t\t\t<div class=\"elementor-widget-container\">\n\t\t\t\t\t\t\t\t\t<p>The Biosphere Reserve of the Faj\u00e3s of S\u00e3o Jorge covers a total area of 98,114.17 hectares, corresponding to the entire terrestrial space of S\u00e3o Jorge Island and an adjacent marine area, with its outer limit being 3 miles from the coastline.<\/p>\n<p>S\u00e3o Jorge Island features an extensive coastline due to its elongated shape, and its mountainous appearance is primarily due to the steep cliffs, especially on the northern coast, which makes the landscape more rugged.<\/p>\n<p>In addition to the deep valleys, there are others that do not even reach sea level, remaining suspended at the top of the cliff, giving rise to magnificent waterfalls.<\/p>\n\t\t\t\t\t\t\t\t<\/div>\n\t\t\t\t<\/div>\n\t\t\t\t\t<\/div>\n\t\t<\/div>\n\t\t\t\t<div class=\"elementor-column elementor-col-50 elementor-top-column elementor-element elementor-element-e3290ec\" data-id=\"e3290ec\" data-element_type=\"column\" data-e-type=\"column\">\n\t\t\t<div class=\"elementor-widget-wrap elementor-element-populated\">\n\t\t\t\t\t\t<div class=\"elementor-element elementor-element-461c0e0 elementor-widget elementor-widget-video\" data-id=\"461c0e0\" data-element_type=\"widget\" data-e-type=\"widget\" data-settings=\"{&quot;youtube_url&quot;:&quot;https:\\\/\\\/www.youtube.com\\\/watch?v=xMj793L3sOA&quot;,&quot;show_image_overlay&quot;:&quot;yes&quot;,&quot;image_overlay&quot;:{&quot;url&quot;:&quot;\\\/wp-content\\\/uploads\\\/2020\\\/12\\\/Captura-de-ecra\\u0303-2020-12-28-a\\u0300s-15.59.06.png&quot;,&quot;id&quot;:30018,&quot;size&quot;:&quot;&quot;},&quot;lightbox&quot;:&quot;yes&quot;,&quot;video_type&quot;:&quot;youtube&quot;,&quot;controls&quot;:&quot;yes&quot;}\" data-widget_type=\"video.default\">\n\t\t\t\t<div class=\"elementor-widget-container\">\n\t\t\t\t\t\t\t<div class=\"elementor-wrapper elementor-open-lightbox\">\n\t\t\t\t\t\t\t<div class=\"elementor-custom-embed-image-overlay\" data-elementor-open-lightbox=\"yes\" data-elementor-lightbox=\"{&quot;type&quot;:&quot;video&quot;,&quot;videoType&quot;:&quot;youtube&quot;,&quot;url&quot;:&quot;https:\\\/\\\/www.youtube.com\\\/embed\\\/xMj793L3sOA?feature=oembed&amp;start&amp;end&amp;wmode=opaque&amp;loop=0&amp;controls=1&amp;mute=0&amp;rel=0&amp;cc_load_policy=0&quot;,&quot;autoplay&quot;:&quot;&quot;,&quot;modalOptions&quot;:{&quot;id&quot;:&quot;elementor-lightbox-461c0e0&quot;,&quot;entranceAnimation&quot;:&quot;&quot;,&quot;entranceAnimation_tablet&quot;:&quot;&quot;,&quot;entranceAnimation_mobile&quot;:&quot;&quot;,&quot;videoAspectRatio&quot;:&quot;169&quot;}}\" data-e-action-hash=\"#elementor-action%3Aaction%3Dlightbox%26settings%3DeyJ0eXBlIjoidmlkZW8iLCJ2aWRlb1R5cGUiOiJ5b3V0dWJlIiwidXJsIjoiaHR0cHM6XC9cL3d3dy55b3V0dWJlLmNvbVwvZW1iZWRcL3hNajc5M0wzc09BP2ZlYXR1cmU9b2VtYmVkJnN0YXJ0JmVuZCZ3bW9kZT1vcGFxdWUmbG9vcD0wJmNvbnRyb2xzPTEmbXV0ZT0wJnJlbD0wJmNjX2xvYWRfcG9saWN5PTAiLCJhdXRvcGxheSI6IiIsIm1vZGFsT3B0aW9ucyI6eyJpZCI6ImVsZW1lbnRvci1saWdodGJveC00NjFjMGUwIiwiZW50cmFuY2VBbmltYXRpb24iOiIiLCJlbnRyYW5jZUFuaW1hdGlvbl90YWJsZXQiOiIiLCJlbnRyYW5jZUFuaW1hdGlvbl9tb2JpbGUiOiIiLCJ2aWRlb0FzcGVjdFJhdGlvIjoiMTY5In19\">\n\t\t\t\t\t\t\t\t\t\t\t<img fetchpriority=\"high\" decoding=\"async\" width=\"768\" height=\"430\" src=\"https:\/\/www.exploresaojorgeisland.com\/wp-content\/uploads\/2020\/12\/Captura-de-ecra\u0303-2020-12-28-a\u0300s-15.59.06-768x430.png\" class=\"attachment-medium_large size-medium_large wp-image-30018\" alt=\"\" srcset=\"https:\/\/www.exploresaojorgeisland.com\/wp-content\/uploads\/2020\/12\/Captura-de-ecra\u0303-2020-12-28-a\u0300s-15.59.06-768x430.png 768w, https:\/\/www.exploresaojorgeisland.com\/wp-content\/uploads\/2020\/12\/Captura-de-ecra\u0303-2020-12-28-a\u0300s-15.59.06-300x168.png 300w, https:\/\/www.exploresaojorgeisland.com\/wp-content\/uploads\/2020\/12\/Captura-de-ecra\u0303-2020-12-28-a\u0300s-15.59.06-1024x574.png 1024w, https:\/\/www.exploresaojorgeisland.com\/wp-content\/uploads\/2020\/12\/Captura-de-ecra\u0303-2020-12-28-a\u0300s-15.59.06-1536x861.png 1536w, https:\/\/www.exploresaojorgeisland.com\/wp-content\/uploads\/2020\/12\/Captura-de-ecra\u0303-2020-12-28-a\u0300s-15.59.06-2048x1147.png 2048w, https:\/\/www.exploresaojorgeisland.com\/wp-content\/uploads\/2020\/12\/Captura-de-ecra\u0303-2020-12-28-a\u0300s-15.59.06-240x134.png 240w\" sizes=\"(max-width: 768px) 100vw, 768px\" \/>\t\t\t\t\t\t\t\t\t\t\t\t\t\t\t\t<div class=\"elementor-custom-embed-play\" role=\"button\" aria-label=\"Play Video\" tabindex=\"0\">\n\t\t\t\t\t\t\t<i aria-hidden=\"true\" class=\"eicon-play\"><\/i>\t\t\t\t\t\t<\/div>\n\t\t\t\t\t\t\t\t\t<\/div>\n\t\t\t\t\t<\/div>\n\t\t\t\t\t\t<\/div>\n\t\t\t\t<\/div>\n\t\t\t\t<div class=\"elementor-element elementor-element-3477157 elementor-widget elementor-widget-text-editor\" data-id=\"3477157\" data-element_type=\"widget\" data-e-type=\"widget\" data-widget_type=\"text-editor.default\">\n\t\t\t\t<div class=\"elementor-widget-container\">\n\t\t\t\t\t\t\t\t\t<p>Along the coastline, flat surfaces occasionally emerge, known as faj\u00e3s (slope faj\u00e3s and lava faj\u00e3s), which constitute a distinguishing feature of the island due to the balanced relationship between humans and nature, as well as the unique experiences, landscapes, and biodiversity.<\/p>\n<p>The traditions associated with the faj\u00e3s, unique to the Azores, have been consolidated over the years, resulting in a cultural specificity that persists to this day.<\/p>\n\t\t\t\t\t\t\t\t<\/div>\n\t\t\t\t<\/div>\n\t\t\t\t\t<\/div>\n\t\t<\/div>\n\t\t\t\t\t<\/div>\n\t\t<\/section>\n\t\t\t\t<section class=\"elementor-section elementor-top-section elementor-element elementor-element-e06847b elementor-section-boxed elementor-section-height-default elementor-section-height-default\" data-id=\"e06847b\" data-element_type=\"section\" data-e-type=\"section\">\n\t\t\t\t\t\t<div class=\"elementor-container elementor-column-gap-default\">\n\t\t\t\t\t<div class=\"elementor-column elementor-col-100 elementor-top-column elementor-element elementor-element-1383fbd\" data-id=\"1383fbd\" data-element_type=\"column\" data-e-type=\"column\">\n\t\t\t<div class=\"elementor-widget-wrap elementor-element-populated\">\n\t\t\t\t\t\t<div class=\"elementor-element elementor-element-25224ff elementor-widget elementor-widget-heading\" data-id=\"25224ff\" data-element_type=\"widget\" data-e-type=\"widget\" data-widget_type=\"heading.default\">\n\t\t\t\t<div class=\"elementor-widget-container\">\n\t\t\t\t\t<h2 class=\"elementor-heading-title elementor-size-default\">Fall in love with the Dragon Island.<\/h2>\t\t\t\t<\/div>\n\t\t\t\t<\/div>\n\t\t\t\t\t<\/div>\n\t\t<\/div>\n\t\t\t\t\t<\/div>\n\t\t<\/section>\n\t\t\t\t<section class=\"elementor-section elementor-top-section elementor-element elementor-element-e72eb63 elementor-section-boxed elementor-section-height-default elementor-section-height-default\" data-id=\"e72eb63\" data-element_type=\"section\" data-e-type=\"section\">\n\t\t\t\t\t\t<div class=\"elementor-container elementor-column-gap-wide\">\n\t\t\t\t\t<div class=\"elementor-column elementor-col-50 elementor-top-column elementor-element elementor-element-f6e1bab\" data-id=\"f6e1bab\" data-element_type=\"column\" data-e-type=\"column\">\n\t\t\t<div class=\"elementor-widget-wrap elementor-element-populated\">\n\t\t\t\t\t\t<div class=\"elementor-element elementor-element-59498e3 elementor-cta--skin-classic elementor-animated-content elementor-bg-transform elementor-bg-transform-zoom-in elementor-widget elementor-widget-call-to-action\" data-id=\"59498e3\" data-element_type=\"widget\" data-e-type=\"widget\" data-widget_type=\"call-to-action.default\">\n\t\t\t\t<div class=\"elementor-widget-container\">\n\t\t\t\t\t\t\t<div class=\"elementor-cta\">\n\t\t\t\t\t<div class=\"elementor-cta__bg-wrapper\">\n\t\t\t\t<div class=\"elementor-cta__bg elementor-bg\" style=\"background-image: url(https:\/\/www.exploresaojorgeisland.com\/wp-content\/uploads\/2020\/12\/02-faja-sto-cristo-1-scaled.jpg);\" role=\"img\" aria-label=\"02 faja sto cristo 1\"><\/div>\n\t\t\t\t<div class=\"elementor-cta__bg-overlay\"><\/div>\n\t\t\t<\/div>\n\t\t\t\t\t\t\t<div class=\"elementor-cta__content\">\n\t\t\t\t\n\t\t\t\t\t\t\t\t\t<h2 class=\"elementor-cta__title elementor-cta__content-item elementor-content-item\">\n\t\t\t\t\t\tFaj\u00e3 de Santo Cristo\t\t\t\t\t<\/h2>\n\t\t\t\t\n\t\t\t\t\t\t\t\t\t<div class=\"elementor-cta__description elementor-cta__content-item elementor-content-item\">\n\t\t\t\t\t\t<p>Located on the northern side of the island, it is classified as a Partial Natural Reserve and Special Ecological Area, aimed at safeguarding the clam population and maintaining its ecological balance. It provides ideal conditions for various sports such as surfing or hiking, with the Serra do Topo \u2013 Caldeira de Santo Cristo hiking trail being a prime example. It is considered the most emblematic Faj\u00e3 of the island.<\/p>\n\t\t\t\t\t<\/div>\n\t\t\t\t\n\t\t\t\t\t\t\t<\/div>\n\t\t\t\t\t\t<\/div>\n\t\t\t\t\t\t<\/div>\n\t\t\t\t<\/div>\n\t\t\t\t\t<\/div>\n\t\t<\/div>\n\t\t\t\t<div class=\"elementor-column elementor-col-50 elementor-top-column elementor-element elementor-element-c76d379\" data-id=\"c76d379\" data-element_type=\"column\" data-e-type=\"column\">\n\t\t\t<div class=\"elementor-widget-wrap elementor-element-populated\">\n\t\t\t\t\t\t<div class=\"elementor-element elementor-element-7a68f1e elementor-cta--skin-classic elementor-animated-content elementor-bg-transform elementor-bg-transform-zoom-in elementor-widget elementor-widget-call-to-action\" data-id=\"7a68f1e\" data-element_type=\"widget\" data-e-type=\"widget\" data-widget_type=\"call-to-action.default\">\n\t\t\t\t<div class=\"elementor-widget-container\">\n\t\t\t\t\t\t\t<div class=\"elementor-cta\">\n\t\t\t\t\t<div class=\"elementor-cta__bg-wrapper\">\n\t\t\t\t<div class=\"elementor-cta__bg elementor-bg\" style=\"background-image: url(https:\/\/www.exploresaojorgeisland.com\/wp-content\/uploads\/2020\/12\/Faja\u0303-dos-Cubres-1024x683.jpg);\" role=\"img\" aria-label=\"Faja\u0303 dos Cubres\"><\/div>\n\t\t\t\t<div class=\"elementor-cta__bg-overlay\"><\/div>\n\t\t\t<\/div>\n\t\t\t\t\t\t\t<div class=\"elementor-cta__content\">\n\t\t\t\t\n\t\t\t\t\t\t\t\t\t<h2 class=\"elementor-cta__title elementor-cta__content-item elementor-content-item\">\n\t\t\t\t\t\tFaj\u00e3 dos Cubres\t\t\t\t\t<\/h2>\n\t\t\t\t\n\t\t\t\t\t\t\t\t\t<div class=\"elementor-cta__description elementor-cta__content-item elementor-content-item\">\n\t\t\t\t\t\t<p>The Faj\u00e3 dos Cubres is a distinctive location, situated on the northern slope of the island, and its name comes from the abundant plant with small yellow flowers called Cubres. It is renowned for its lagoon, which has an irregular shape and four small islets within it, serving as a natural refuge for various seabirds and migratory species. A wide variety of typical marine fauna and flora can be found here.<\/p>\n\t\t\t\t\t<\/div>\n\t\t\t\t\n\t\t\t\t\t\t\t<\/div>\n\t\t\t\t\t\t<\/div>\n\t\t\t\t\t\t<\/div>\n\t\t\t\t<\/div>\n\t\t\t\t\t<\/div>\n\t\t<\/div>\n\t\t\t\t\t<\/div>\n\t\t<\/section>\n\t\t\t\t<section class=\"elementor-section elementor-top-section elementor-element elementor-element-a4cdf42 elementor-section-boxed elementor-section-height-default elementor-section-height-default\" data-id=\"a4cdf42\" data-element_type=\"section\" data-e-type=\"section\">\n\t\t\t\t\t\t<div class=\"elementor-container elementor-column-gap-wider\">\n\t\t\t\t\t<div class=\"elementor-column elementor-col-50 elementor-top-column elementor-element elementor-element-e262a5f\" data-id=\"e262a5f\" data-element_type=\"column\" data-e-type=\"column\">\n\t\t\t<div class=\"elementor-widget-wrap elementor-element-populated\">\n\t\t\t\t\t\t<div class=\"elementor-element elementor-element-f07b5b2 elementor-cta--skin-classic elementor-animated-content elementor-bg-transform elementor-bg-transform-zoom-in elementor-widget elementor-widget-call-to-action\" data-id=\"f07b5b2\" data-element_type=\"widget\" data-e-type=\"widget\" data-widget_type=\"call-to-action.default\">\n\t\t\t\t<div class=\"elementor-widget-container\">\n\t\t\t\t\t\t\t<div class=\"elementor-cta\">\n\t\t\t\t\t<div class=\"elementor-cta__bg-wrapper\">\n\t\t\t\t<div class=\"elementor-cta__bg elementor-bg\" style=\"background-image: url(https:\/\/www.exploresaojorgeisland.com\/wp-content\/uploads\/2020\/12\/Faja\u0303-dos-Vimes-1024x819.jpg);\" role=\"img\" aria-label=\"Faja\u0303 dos Vimes\"><\/div>\n\t\t\t\t<div class=\"elementor-cta__bg-overlay\"><\/div>\n\t\t\t<\/div>\n\t\t\t\t\t\t\t<div class=\"elementor-cta__content\">\n\t\t\t\t\n\t\t\t\t\t\t\t\t\t<h2 class=\"elementor-cta__title elementor-cta__content-item elementor-content-item\">\n\t\t\t\t\t\tFaj\u00e3 dos Vimes\t\t\t\t\t<\/h2>\n\t\t\t\t\n\t\t\t\t\t\t\t\t\t<div class=\"elementor-cta__description elementor-cta__content-item elementor-content-item\">\n\t\t\t\t\t\t<p>Located on the southern coast of the island, this faj\u00e3 is very attractive due to its size and characteristics, with its habitable area extending across the hills. Known for its coffee cultivation, the only one of its kind in Europe, it is also famous for its craftsmanship, such as the \"Colchas da Faj\u00e3 dos Vimes,\" woven by artisans on pedal looms. Three streams flow into this area, with one of the particular features of the Ribeira dos Vimes being its source of carbonated mineral water.<\/p>\n\t\t\t\t\t<\/div>\n\t\t\t\t\n\t\t\t\t\t\t\t<\/div>\n\t\t\t\t\t\t<\/div>\n\t\t\t\t\t\t<\/div>\n\t\t\t\t<\/div>\n\t\t\t\t\t<\/div>\n\t\t<\/div>\n\t\t\t\t<div class=\"elementor-column elementor-col-50 elementor-top-column elementor-element elementor-element-ab8a37b\" data-id=\"ab8a37b\" data-element_type=\"column\" data-e-type=\"column\">\n\t\t\t<div class=\"elementor-widget-wrap elementor-element-populated\">\n\t\t\t\t\t\t<div class=\"elementor-element elementor-element-54b8199 elementor-cta--skin-classic elementor-animated-content elementor-bg-transform elementor-bg-transform-zoom-in elementor-widget elementor-widget-call-to-action\" data-id=\"54b8199\" data-element_type=\"widget\" data-e-type=\"widget\" data-widget_type=\"call-to-action.default\">\n\t\t\t\t<div class=\"elementor-widget-container\">\n\t\t\t\t\t\t\t<div class=\"elementor-cta\">\n\t\t\t\t\t<div class=\"elementor-cta__bg-wrapper\">\n\t\t\t\t<div class=\"elementor-cta__bg elementor-bg\" style=\"background-image: url(https:\/\/www.exploresaojorgeisland.com\/wp-content\/uploads\/2020\/12\/03-faja-ouvidor-substituir-scaled.jpg);\" role=\"img\" aria-label=\"03 faja ouvidor substituir\"><\/div>\n\t\t\t\t<div class=\"elementor-cta__bg-overlay\"><\/div>\n\t\t\t<\/div>\n\t\t\t\t\t\t\t<div class=\"elementor-cta__content\">\n\t\t\t\t\n\t\t\t\t\t\t\t\t\t<h2 class=\"elementor-cta__title elementor-cta__content-item elementor-content-item\">\n\t\t\t\t\t\tFaj\u00e3 do Ouvidor\t\t\t\t\t<\/h2>\n\t\t\t\t\n\t\t\t\t\t\t\t\t\t<div class=\"elementor-cta__description elementor-cta__content-item elementor-content-item\">\n\t\t\t\t\t\t<p>One of the most sought-after faj\u00e3s on the northern coast, due to its accessibility, natural and human charms. The natural pools, which provide excellent bathing areas, give this faj\u00e3 a uniqueness that attracts many visitors, with Po\u00e7a Sim\u00e3o Dias being the largest and most iconic. It is also very popular during the Holy Spirit festivals, on Holy Spirit Thursday and Trinity Sunday, where the traditional \"Sopas do Calhau\" are cooked and served.<\/p>\n\t\t\t\t\t<\/div>\n\t\t\t\t\n\t\t\t\t\t\t\t<\/div>\n\t\t\t\t\t\t<\/div>\n\t\t\t\t\t\t<\/div>\n\t\t\t\t<\/div>\n\t\t\t\t\t<\/div>\n\t\t<\/div>\n\t\t\t\t\t<\/div>\n\t\t<\/section>\n\t\t\t\t<section class=\"elementor-section elementor-top-section elementor-element elementor-element-9578852 elementor-section-boxed elementor-section-height-default elementor-section-height-default\" data-id=\"9578852\" data-element_type=\"section\" data-e-type=\"section\">\n\t\t\t\t\t\t<div class=\"elementor-container elementor-column-gap-wider\">\n\t\t\t\t\t<div class=\"elementor-column elementor-col-50 elementor-top-column elementor-element elementor-element-4b34e8c\" data-id=\"4b34e8c\" data-element_type=\"column\" data-e-type=\"column\">\n\t\t\t<div class=\"elementor-widget-wrap elementor-element-populated\">\n\t\t\t\t\t\t<div class=\"elementor-element elementor-element-8c5cb2a elementor-cta--skin-classic elementor-animated-content elementor-bg-transform elementor-bg-transform-zoom-in elementor-widget elementor-widget-call-to-action\" data-id=\"8c5cb2a\" data-element_type=\"widget\" data-e-type=\"widget\" data-widget_type=\"call-to-action.default\">\n\t\t\t\t<div class=\"elementor-widget-container\">\n\t\t\t\t\t\t\t<div class=\"elementor-cta\">\n\t\t\t\t\t<div class=\"elementor-cta__bg-wrapper\">\n\t\t\t\t<div class=\"elementor-cta__bg elementor-bg\" style=\"background-image: url(https:\/\/www.exploresaojorgeisland.com\/wp-content\/uploads\/2020\/12\/06-faja-joao-dias-rosais-scaled.jpg);\" role=\"img\" aria-label=\"06 faja joao dias rosais\"><\/div>\n\t\t\t\t<div class=\"elementor-cta__bg-overlay\"><\/div>\n\t\t\t<\/div>\n\t\t\t\t\t\t\t<div class=\"elementor-cta__content\">\n\t\t\t\t\n\t\t\t\t\t\t\t\t\t<h2 class=\"elementor-cta__title elementor-cta__content-item elementor-content-item\">\n\t\t\t\t\t\tFaj\u00e3 Jo\u00e3o Dias\t\t\t\t\t<\/h2>\n\t\t\t\t\n\t\t\t\t\t\t\t\t\t<div class=\"elementor-cta__description elementor-cta__content-item elementor-content-item\">\n\t\t\t\t\t\t<p>Accessed by a narrow and steep trail, this faj\u00e3 belongs to the parish of Rosais and its name comes from the owner who owned most of the faj\u00e3. The houses in this faj\u00e3 are unique as each one has its own cistern for collecting rainwater. The landscape is distinctive, especially due to the existence of a bay with a small sandy beach, providing a bathing area.<\/p>\n\t\t\t\t\t<\/div>\n\t\t\t\t\n\t\t\t\t\t\t\t<\/div>\n\t\t\t\t\t\t<\/div>\n\t\t\t\t\t\t<\/div>\n\t\t\t\t<\/div>\n\t\t\t\t\t<\/div>\n\t\t<\/div>\n\t\t\t\t<div class=\"elementor-column elementor-col-50 elementor-top-column elementor-element elementor-element-a8b7a2d\" data-id=\"a8b7a2d\" data-element_type=\"column\" data-e-type=\"column\">\n\t\t\t<div class=\"elementor-widget-wrap elementor-element-populated\">\n\t\t\t\t\t\t<div class=\"elementor-element elementor-element-3167542 elementor-cta--skin-classic elementor-animated-content elementor-bg-transform elementor-bg-transform-zoom-in elementor-widget elementor-widget-call-to-action\" data-id=\"3167542\" data-element_type=\"widget\" data-e-type=\"widget\" data-widget_type=\"call-to-action.default\">\n\t\t\t\t<div class=\"elementor-widget-container\">\n\t\t\t\t\t\t\t<div class=\"elementor-cta\">\n\t\t\t\t\t<div class=\"elementor-cta__bg-wrapper\">\n\t\t\t\t<div class=\"elementor-cta__bg elementor-bg\" style=\"background-image: url(https:\/\/www.exploresaojorgeisland.com\/wp-content\/uploads\/2020\/12\/faja-almas-substituir-scaled.jpg);\" role=\"img\" aria-label=\"faja almas substituir\"><\/div>\n\t\t\t\t<div class=\"elementor-cta__bg-overlay\"><\/div>\n\t\t\t<\/div>\n\t\t\t\t\t\t\t<div class=\"elementor-cta__content\">\n\t\t\t\t\n\t\t\t\t\t\t\t\t\t<h2 class=\"elementor-cta__title elementor-cta__content-item elementor-content-item\">\n\t\t\t\t\t\tFaj\u00e3 das Almas\t\t\t\t\t<\/h2>\n\t\t\t\t\n\t\t\t\t\t\t\t\t\t<div class=\"elementor-cta__description elementor-cta__content-item elementor-content-item\">\n\t\t\t\t\t\t<p>A Faj\u00e3 das Almas situa-se no lado sul da ilha, na freguesia das Manadas, concelho de Velas, e \u00e9 tamb\u00e9m conhecida como Faj\u00e3 do Calhau. Nesta faj\u00e3 podemos encontrar duas ermidas, a ermida de Nossa Senhora das Almas, situada no lugar dos Barb\u00f3s, e a ermida de Santo Cristo, constru\u00edda em 1876. A 9 de Setembro de 1880, a ermida de Santo Cristo sofreu um inc\u00eandio, sendo a sua reconstru\u00e7\u00e3o promovida pelo Bar\u00e3o do Ribeiro e benzida a 14 de Janeiro de 1882.<\/p>\n\t\t\t\t\t<\/div>\n\t\t\t\t\n\t\t\t\t\t\t\t<\/div>\n\t\t\t\t\t\t<\/div>\n\t\t\t\t\t\t<\/div>\n\t\t\t\t<\/div>\n\t\t\t\t\t<\/div>\n\t\t<\/div>\n\t\t\t\t\t<\/div>\n\t\t<\/section>\n\t\t\t\t<section class=\"elementor-section elementor-top-section elementor-element elementor-element-d4b19b7 elementor-section-boxed elementor-section-height-default elementor-section-height-default\" data-id=\"d4b19b7\" data-element_type=\"section\" data-e-type=\"section\">\n\t\t\t\t\t\t<div class=\"elementor-container elementor-column-gap-default\">\n\t\t\t\t\t<div class=\"elementor-column elementor-col-100 elementor-top-column elementor-element elementor-element-eca66e3\" data-id=\"eca66e3\" data-element_type=\"column\" data-e-type=\"column\">\n\t\t\t<div class=\"elementor-widget-wrap elementor-element-populated\">\n\t\t\t\t\t\t<section class=\"elementor-section elementor-inner-section elementor-element elementor-element-5d02a37 elementor-section-height-min-height elementor-section-content-middle elementor-section-boxed elementor-section-height-default\" data-id=\"5d02a37\" data-element_type=\"section\" data-e-type=\"section\" data-settings=\"{&quot;background_background&quot;:&quot;classic&quot;}\">\n\t\t\t\t\t\t<div class=\"elementor-container elementor-column-gap-default\">\n\t\t\t\t\t<div class=\"elementor-column elementor-col-50 elementor-inner-column elementor-element elementor-element-85c2e1a\" data-id=\"85c2e1a\" data-element_type=\"column\" data-e-type=\"column\">\n\t\t\t<div class=\"elementor-widget-wrap elementor-element-populated\">\n\t\t\t\t\t\t<div class=\"elementor-element elementor-element-55d3411 elementor-widget elementor-widget-heading\" data-id=\"55d3411\" data-element_type=\"widget\" data-e-type=\"widget\" data-widget_type=\"heading.default\">\n\t\t\t\t<div class=\"elementor-widget-container\">\n\t\t\t\t\t<h2 class=\"elementor-heading-title elementor-size-default\">ECOTOUR<\/h2>\t\t\t\t<\/div>\n\t\t\t\t<\/div>\n\t\t\t\t<div class=\"elementor-element elementor-element-ac3f009 elementor-widget elementor-widget-text-editor\" data-id=\"ac3f009\" data-element_type=\"widget\" data-e-type=\"widget\" data-widget_type=\"text-editor.default\">\n\t\t\t\t<div class=\"elementor-widget-container\">\n\t\t\t\t\t\t\t\t\t<p>The ECOTOUR project aims to enhance the natural and cultural heritage of coastal areas, protected areas in the Canary Islands, Azores, Cape Verde, Mauritania, and Senegal, through the promotion of ecotourism activities.<\/p>\n\t\t\t\t\t\t\t\t<\/div>\n\t\t\t\t<\/div>\n\t\t\t\t<div class=\"elementor-element elementor-element-82cc3aa elementor-mobile-align-center elementor-widget elementor-widget-button\" data-id=\"82cc3aa\" data-element_type=\"widget\" data-e-type=\"widget\" data-widget_type=\"button.default\">\n\t\t\t\t<div class=\"elementor-widget-container\">\n\t\t\t\t\t\t\t\t\t<div class=\"elementor-button-wrapper\">\n\t\t\t\t\t<a class=\"elementor-button elementor-button-link elementor-size-sm\" href=\"https:\/\/www.exploresaojorgeisland.com\/en\/o-projeto-ecotour\/\">\n\t\t\t\t\t\t<span class=\"elementor-button-content-wrapper\">\n\t\t\t\t\t\t<span class=\"elementor-button-icon\">\n\t\t\t\t<i aria-hidden=\"true\" class=\"fas fa-long-arrow-alt-right\"><\/i>\t\t\t<\/span>\n\t\t\t\t\t\t\t\t\t<span class=\"elementor-button-text\">Learn more<\/span>\n\t\t\t\t\t<\/span>\n\t\t\t\t\t<\/a>\n\t\t\t\t<\/div>\n\t\t\t\t\t\t\t\t<\/div>\n\t\t\t\t<\/div>\n\t\t\t\t\t<\/div>\n\t\t<\/div>\n\t\t\t\t<div class=\"elementor-column elementor-col-50 elementor-inner-column elementor-element elementor-element-a5290ee\" data-id=\"a5290ee\" data-element_type=\"column\" data-e-type=\"column\">\n\t\t\t<div class=\"elementor-widget-wrap elementor-element-populated\">\n\t\t\t\t\t\t<div class=\"elementor-element elementor-element-3f364c3 elementor-widget elementor-widget-image\" data-id=\"3f364c3\" data-element_type=\"widget\" data-e-type=\"widget\" data-widget_type=\"image.default\">\n\t\t\t\t<div class=\"elementor-widget-container\">\n\t\t\t\t\t\t\t\t\t\t\t\t\t\t\t\t<a href=\"http:\/\/www.proyectoecotour.com\/\" target=\"_blank\">\n\t\t\t\t\t\t\t<img decoding=\"async\" width=\"800\" height=\"488\" src=\"https:\/\/www.exploresaojorgeisland.com\/wp-content\/uploads\/2020\/12\/logo-Ecotour-1024x624.png\" class=\"attachment-large size-large wp-image-29995\" alt=\"\" srcset=\"https:\/\/www.exploresaojorgeisland.com\/wp-content\/uploads\/2020\/12\/logo-Ecotour-1024x624.png 1024w, https:\/\/www.exploresaojorgeisland.com\/wp-content\/uploads\/2020\/12\/logo-Ecotour-300x183.png 300w, https:\/\/www.exploresaojorgeisland.com\/wp-content\/uploads\/2020\/12\/logo-Ecotour-768x468.png 768w, https:\/\/www.exploresaojorgeisland.com\/wp-content\/uploads\/2020\/12\/logo-Ecotour-240x146.png 240w, https:\/\/www.exploresaojorgeisland.com\/wp-content\/uploads\/2020\/12\/logo-Ecotour.png 1311w\" sizes=\"(max-width: 800px) 100vw, 800px\" \/>\t\t\t\t\t\t\t\t<\/a>\n\t\t\t\t\t\t\t\t\t\t\t\t\t\t\t<\/div>\n\t\t\t\t<\/div>\n\t\t\t\t\t<\/div>\n\t\t<\/div>\n\t\t\t\t\t<\/div>\n\t\t<\/section>\n\t\t\t\t\t<\/div>\n\t\t<\/div>\n\t\t\t\t\t<\/div>\n\t\t<\/section>\n\t\t\t\t<\/div>\n\t\t","protected":false},"excerpt":{"rendered":"<p>Reserva da BiosferaFaj\u00e3s de S\u00e3o Jorge Reserva da BiosferaFaj\u00e3s de S\u00e3o Jorge The Faj\u00e3s are the main landmark of the landscape of S\u00e3o Jorge and have been part of the exclusive list of UNESCO World Biosphere Reserves since 2016. They were also awarded an honorable mention at the 2020 National Landscape Award, within the context [&hellip;]<\/p>\n","protected":false},"author":2,"featured_media":27664,"parent":0,"menu_order":0,"comment_status":"closed","ping_status":"closed","template":"elementor_header_footer","meta":{"footnotes":"","_links_to":"","_links_to_target":""},"class_list":["post-32361","page","type-page","status-publish","has-post-thumbnail","hentry"],"_links":{"self":[{"href":"https:\/\/www.exploresaojorgeisland.com\/en\/wp-json\/wp\/v2\/pages\/32361","targetHints":{"allow":["GET"]}}],"collection":[{"href":"https:\/\/www.exploresaojorgeisland.com\/en\/wp-json\/wp\/v2\/pages"}],"about":[{"href":"https:\/\/www.exploresaojorgeisland.com\/en\/wp-json\/wp\/v2\/types\/page"}],"author":[{"embeddable":true,"href":"https:\/\/www.exploresaojorgeisland.com\/en\/wp-json\/wp\/v2\/users\/2"}],"replies":[{"embeddable":true,"href":"https:\/\/www.exploresaojorgeisland.com\/en\/wp-json\/wp\/v2\/comments?post=32361"}],"version-history":[{"count":16,"href":"https:\/\/www.exploresaojorgeisland.com\/en\/wp-json\/wp\/v2\/pages\/32361\/revisions"}],"predecessor-version":[{"id":37874,"href":"https:\/\/www.exploresaojorgeisland.com\/en\/wp-json\/wp\/v2\/pages\/32361\/revisions\/37874"}],"wp:featuredmedia":[{"embeddable":true,"href":"https:\/\/www.exploresaojorgeisland.com\/en\/wp-json\/wp\/v2\/media\/27664"}],"wp:attachment":[{"href":"https:\/\/www.exploresaojorgeisland.com\/en\/wp-json\/wp\/v2\/media?parent=32361"}],"curies":[{"name":"wp","href":"https:\/\/api.w.org\/{rel}","templated":true}]}}